{"id":25962,"date":"2016-07-19T16:22:44","date_gmt":"2016-07-19T15:22:44","guid":{"rendered":"https:\/\/anaabrao.com\/en\/ana-abrao-area-profissional\/"},"modified":"2016-10-11T15:07:17","modified_gmt":"2016-10-11T14:07:17","slug":"about-me","status":"publish","type":"page","link":"https:\/\/anaabrao.com\/en\/about-me\/","title":{"rendered":"Ana Abr\u00e3o"},"content":{"rendered":"<p>[et_pb_section admin_label=&#8221;section&#8221; transparent_background=&#8221;off&#8221; background_color=&#8221;#ffffff&#8221; allow_player_pause=&#8221;off&#8221; inner_shadow=&#8221;off&#8221; parallax=&#8221;off&#8221; parallax_method=&#8221;off&#8221; custom_padding=&#8221;0px|0px|0px|0px&#8221; padding_mobile=&#8221;on&#8221; make_fullwidth=&#8221;off&#8221; use_custom_width=&#8221;off&#8221; width_unit=&#8221;on&#8221; make_equal=&#8221;off&#8221; use_custom_gutter=&#8221;off&#8221; custom_css_main_element=&#8221;height: 100%;&#8221;][et_pb_row admin_label=&#8221;Row&#8221; make_fullwidth=&#8221;on&#8221; use_custom_width=&#8221;on&#8221; width_unit=&#8221;off&#8221; custom_width_percent=&#8221;100%&#8221; use_custom_gutter=&#8221;on&#8221; padding_mobile=&#8221;on&#8221; background_color=&#8221;#ffffff&#8221; allow_player_pause=&#8221;off&#8221; parallax=&#8221;off&#8221; parallax_method=&#8221;off&#8221; make_equal=&#8221;on&#8221; parallax_1=&#8221;off&#8221; parallax_method_1=&#8221;off&#8221; parallax_2=&#8221;off&#8221; parallax_method_2=&#8221;off&#8221; column_padding_mobile=&#8221;on&#8221; custom_css_main_element=&#8221;width: 100%;||height: 100%;&#8221; gutter_width=&#8221;1&#8243; custom_padding=&#8221;0px|0px|0px|0px&#8221; custom_css_main_1=&#8221;height: 100%;&#8221; custom_css_main_2=&#8221;height: 100%;&#8221; custom_margin=&#8221;0px||0px|&#8221; background_color_2=&#8221;#ffffff&#8221; padding_top_2=&#8221;5%&#8221; padding_right_2=&#8221;7%&#8221; padding_bottom_2=&#8221;7%&#8221; padding_left_2=&#8221;5%&#8221; bg_img_1=&#8221;https:\/\/anaabrao.com\/wp-content\/uploads\/2016\/07\/Ana-Abrao-on-site.jpg&#8221;][et_pb_column type=&#8221;1_2&#8243;][et_pb_image admin_label=&#8221;Imagem&#8221; src=&#8221;https:\/\/anaabrao.com\/wp-content\/uploads\/2016\/07\/Ana-Abrao-on-site.jpg&#8221; show_in_lightbox=&#8221;off&#8221; url_new_window=&#8221;off&#8221; use_overlay=&#8221;off&#8221; animation=&#8221;off&#8221; sticky=&#8221;on&#8221; align=&#8221;left&#8221; force_fullwidth=&#8221;on&#8221; always_center_on_mobile=&#8221;on&#8221; use_border_color=&#8221;off&#8221; border_color=&#8221;#ffffff&#8221; border_style=&#8221;solid&#8221;] [\/et_pb_image][\/et_pb_column][et_pb_column type=&#8221;1_2&#8243;][et_pb_text admin_label=&#8221;Text&#8221; background_layout=&#8221;light&#8221; text_orientation=&#8221;left&#8221; text_font=&#8221;Poiret One||||&#8221; text_font_size=&#8221;50px&#8221; text_text_color=&#8221;#fb5353&#8243; use_border_color=&#8221;off&#8221; border_color=&#8221;#ffffff&#8221; border_style=&#8221;solid&#8221; text_line_height=&#8221;1em&#8221; text_font_size_last_edited=&#8221;on|desktop&#8221; custom_margin=&#8221;|10%||&#8221; custom_margin_last_edited=&#8221;on|tablet&#8221; custom_margin_tablet=&#8221;15%|10%||&#8221; text_font_size_phone=&#8221;40px&#8221; header_font_size=&#8221;27px&#8221; text_font_size_tablet=&#8221;45px&#8221;]<\/p>\n<p>Hi there!<br \/>\nI\u00b4m Ana Abr\u00e3o.<\/p>\n<p>[\/et_pb_text][et_pb_text admin_label=&#8221;Text&#8221; background_layout=&#8221;light&#8221; text_orientation=&#8221;left&#8221; text_font_size=&#8221;20px&#8221; text_text_color=&#8221;#aaaaaa&#8221; use_border_color=&#8221;off&#8221; border_color=&#8221;#ffffff&#8221; border_style=&#8221;solid&#8221; custom_margin=&#8221;2%|10%||&#8221; text_line_height=&#8221;1.2em&#8221; text_font_size_last_edited=&#8221;on|phone&#8221; text_font_size_phone=&#8221;16px&#8221; header_font_size=&#8221;20px&#8221;]<\/p>\n<p>\u2014 The woman behind the camera.<\/p>\n<p>[\/et_pb_text][et_pb_text admin_label=&#8221;Text&#8221; background_layout=&#8221;light&#8221; text_orientation=&#8221;left&#8221; text_font=&#8221;Roboto||||&#8221; text_font_size=&#8221;16&#8243; text_text_color=&#8221;#101010&#8243; use_border_color=&#8221;off&#8221; border_color=&#8221;#ffffff&#8221; border_style=&#8221;solid&#8221; custom_margin=&#8221;13%|10%|13%|&#8221; text_line_height=&#8221;1.5em&#8221; custom_margin_last_edited=&#8221;on|desktop&#8221; custom_margin_tablet=&#8221;7%|24%|7%|&#8221; custom_margin_phone=&#8221;10%|24%|10%|&#8221; custom_css_main_element=&#8221;font-weight: 400;&#8221;]<\/p>\n<p>I am in love with Photography and living in south Portugal, (one of the best corners in the world :-), for almost 2 decades, after being\u00a0born and living in Brasil, where I studied and followed an academic career. At a certain moment in my daily life, I decided to change my path and seek my inner feeling of being inspired by this amazing place that I see, often behind my camera as I dwell through the Algarve and its hidden beauties. Although, loving different areas of photography, I am specialised in corporate and wedding photography. Whatever I do for you I`ll do with commitment, with passion and with a great sense of aesthetic value.<\/p>\n<p>When I am not at work, I wish with all my cells and neurons, to travel the world with my camera at hand. I want to get in touch with people from different cultures, I want to know about\u00a0cultural diversities and their inherent beauty. I want to know about who they are and capture their personality through their eyes. I want my pictures to be the reflection of who they are, to show their most beautiful expressions and the best part of themselves. I want to tell their stories to the world..,<\/p>\n<p>[\/et_pb_text][et_pb_button admin_label=&#8221;Button&#8221; button_url=&#8221;#&#8221; url_new_window=&#8221;off&#8221; button_text=&#8221;Get in Touch&#8221; button_alignment=&#8221;center&#8221; background_layout=&#8221;light&#8221; custom_button=&#8221;on&#8221; button_text_size=&#8221;13&#8243; button_text_color=&#8221;#ffffff&#8221; button_bg_color=&#8221;#fb5353&#8243; button_border_width=&#8221;8&#8243; button_border_color=&#8221;#fb5353&#8243; button_border_radius=&#8221;0&#8243; button_letter_spacing=&#8221;1&#8243; button_use_icon=&#8221;off&#8221; button_icon_placement=&#8221;right&#8221; button_on_hover=&#8221;on&#8221; button_border_radius_hover=&#8221;0&#8243; button_letter_spacing_hover=&#8221;1&#8243; button_font=&#8221;Roboto|on|||&#8221; disabled_on=&#8221;off|off|off&#8221; disabled=&#8221;off&#8221;]<br \/>\n[\/et_pb_button][et_pb_text admin_label=&#8221;Text&#8221; background_layout=&#8221;light&#8221; text_orientation=&#8221;left&#8221; use_border_color=&#8221;off&#8221; border_color=&#8221;#ffffff&#8221; border_style=&#8221;solid&#8221; disabled=&#8221;on&#8221; disabled_on=&#8221;on|on|on&#8221;]<\/p>\n<p><img loading=\"lazy\" decoding=\"async\" class=\"alignnone size-medium wp-image-4398\" src=\"https:\/\/anaabrao.com\/wp-content\/uploads\/2016\/07\/021.png\" alt=\"02\" width=\"9\" height=\"18\" \/>\u00a0 \u00a0 \u00a0<img loading=\"lazy\" decoding=\"async\" class=\"alignnone size-medium wp-image-4399\" src=\"https:\/\/anaabrao.com\/wp-content\/uploads\/2016\/07\/031.png\" alt=\"03\" width=\"23\" height=\"18\" \/>\u00a0\u00a0 \u00a0\u00a0<img loading=\"lazy\" decoding=\"async\" class=\"alignnone size-medium wp-image-4400\" src=\"https:\/\/anaabrao.com\/wp-content\/uploads\/2016\/07\/041.png\" alt=\"04\" width=\"18\" height=\"18\" \/><\/p>\n<p>[\/et_pb_text][\/et_pb_column][\/et_pb_row][et_pb_row admin_label=&#8221;Linha&#8221;][et_pb_column type=&#8221;4_4&#8243;][et_pb_text admin_label=&#8221;Texto&#8221; background_layout=&#8221;light&#8221; text_orientation=&#8221;left&#8221; use_border_color=&#8221;off&#8221; border_color=&#8221;#ffffff&#8221; border_style=&#8221;solid&#8221;]<\/p>\n<p style=\"text-align: left;\">Ana Abrao represents Portugal in international photography contests and eventually takes part of photography salons as jury. She is recognised as PPSA by the Photographic Society of America and also has the &#8220;Artist&#8221; and &#8220;Excellence&#8221; recognition (AFIAP, EFIAP) by the European Association International Federation of Photographic Art.<\/p>\n<p style=\"text-align: left;\">\u00a0 \u00a0 \u00a0 \u00a0 \u00a0 \u00a0 \u00a0 \u00a0 \u00a0 \u00a0 \u00a0 \u00a0 \u00a0 \u00a0 \u00a0 \u00a0 \u00a0\u00a0<img loading=\"lazy\" decoding=\"async\" class=\"size-full wp-image-25893 alignnone alignright\" src=\"https:\/\/anaabrao.com\/wp-content\/uploads\/2016\/07\/photographic-society-of-america.png\" alt=\"photographic-society-of-america\" width=\"149\" height=\"137\" \/>\u00a0 \u00a0 \u00a0<img loading=\"lazy\" decoding=\"async\" class=\"alignnone size-thumbnail wp-image-25894 alignright\" src=\"https:\/\/anaabrao.com\/wp-content\/uploads\/2016\/07\/Fiap-150x150.jpg\" alt=\"Fiap\" width=\"150\" height=\"150\" srcset=\"https:\/\/anaabrao.com\/wp-content\/uploads\/2016\/07\/Fiap-150x150.jpg 150w, https:\/\/anaabrao.com\/wp-content\/uploads\/2016\/07\/Fiap-300x300.jpg 300w, https:\/\/anaabrao.com\/wp-content\/uploads\/2016\/07\/Fiap-100x100.jpg 100w, https:\/\/anaabrao.com\/wp-content\/uploads\/2016\/07\/Fiap-1000x1000.jpg 1000w\" sizes=\"(max-width: 150px) 100vw, 150px\" \/><\/p>\n<p>[\/et_pb_text][\/et_pb_column][\/et_pb_row][et_pb_row admin_label=&#8221;Linha&#8221;][et_pb_column type=&#8221;4_4&#8243;][et_pb_video admin_label=&#8221;V\u00eddeo&#8221; src=&#8221;https:\/\/youtu.be\/SlzW1E8Uxio?t=13s&#8221; image_src=&#8221;\/\/i.ytimg.com\/vi\/SlzW1E8Uxio\/hqdefault.jpg&#8221;] [\/et_pb_video][et_pb_text admin_label=&#8221;Texto&#8221; background_layout=&#8221;light&#8221; text_orientation=&#8221;left&#8221; use_border_color=&#8221;off&#8221; border_color=&#8221;#ffffff&#8221; border_style=&#8221;solid&#8221;]<\/p>\n<p style=\"text-align: right;\">Many thanks to <a href=\"https:\/\/www.facebook.com\/fernando.q.estevao?fref=ts\">Fernando Quintino<\/a> for the aerial footage.<\/p>\n<p>[\/et_pb_text][\/et_pb_column][\/et_pb_row][\/et_pb_section]<\/p>\n","protected":false},"excerpt":{"rendered":"<p>Hi there! I\u00b4m Ana Abr\u00e3o. \u2014 The woman behind the camera. I am in love with Photography and living in south Portugal, (one of the best corners in the world :-), for almost 2 decades, after being\u00a0born and living in Brasil, where I studied and followed an academic career. At a certain moment in my [&hellip;]<\/p>\n","protected":false},"author":2,"featured_media":0,"parent":0,"menu_order":0,"comment_status":"closed","ping_status":"closed","template":"","meta":{"_et_pb_use_builder":"on","_et_pb_old_content":"","_et_gb_content_width":"","footnotes":""},"class_list":["post-25962","page","type-page","status-publish","hentry"],"yoast_head":"<!-- This site is optimized with the Yoast SEO plugin v26.8 - https:\/\/yoast.com\/product\/yoast-seo-wordpress\/ -->\n<title>Sobre Ana Abr\u00e3o<\/title>\n<meta name=\"description\" content=\"Descri\u00e7\u00e3o breve sobre a profissional de fotografia, as suas \u00e1reas de especializa\u00e7\u00e3o, \u00e1reas de maior abordagem na fotografia, bem como prefer\u00eancias pessoais.\" \/>\n<meta name=\"robots\" content=\"index, follow, max-snippet:-1, max-image-preview:large, max-video-preview:-1\" \/>\n<link rel=\"canonical\" href=\"https:\/\/anaabrao.com\/about-me\/\" \/>\n<meta property=\"og:locale\" content=\"en_US\" \/>\n<meta property=\"og:type\" content=\"article\" \/>\n<meta property=\"og:title\" content=\"Sobre Ana Abr\u00e3o\" \/>\n<meta property=\"og:description\" content=\"Descri\u00e7\u00e3o breve sobre a profissional de fotografia, as suas \u00e1reas de especializa\u00e7\u00e3o, \u00e1reas de maior abordagem na fotografia, bem como prefer\u00eancias pessoais.\" \/>\n<meta property=\"og:url\" content=\"https:\/\/anaabrao.com\/about-me\/\" \/>\n<meta property=\"og:site_name\" content=\"Ana Abr\u00e3o\" \/>\n<meta property=\"article:publisher\" content=\"https:\/\/www.facebook.com\/ana.maria.abrao\" \/>\n<meta property=\"article:modified_time\" content=\"2016-10-11T14:07:17+00:00\" \/>\n<meta property=\"og:image\" content=\"https:\/\/anaabrao.com\/wp-content\/uploads\/2016\/07\/021.png\" \/>\n<meta name=\"twitter:card\" content=\"summary_large_image\" \/>\n<meta name=\"twitter:label1\" content=\"Est. reading time\" \/>\n\t<meta name=\"twitter:data1\" content=\"5 minutes\" \/>\n<script type=\"application\/ld+json\" class=\"yoast-schema-graph\">{\"@context\":\"https:\/\/schema.org\",\"@graph\":[{\"@type\":\"WebPage\",\"@id\":\"https:\/\/anaabrao.com\/about-me\/\",\"url\":\"https:\/\/anaabrao.com\/about-me\/\",\"name\":\"Sobre Ana Abr\u00e3o\",\"isPartOf\":{\"@id\":\"https:\/\/anaabrao.com\/#website\"},\"primaryImageOfPage\":{\"@id\":\"https:\/\/anaabrao.com\/about-me\/#primaryimage\"},\"image\":{\"@id\":\"https:\/\/anaabrao.com\/about-me\/#primaryimage\"},\"thumbnailUrl\":\"https:\/\/anaabrao.com\/wp-content\/uploads\/2016\/07\/021.png\",\"datePublished\":\"2016-07-19T15:22:44+00:00\",\"dateModified\":\"2016-10-11T14:07:17+00:00\",\"description\":\"Descri\u00e7\u00e3o breve sobre a profissional de fotografia, as suas \u00e1reas de especializa\u00e7\u00e3o, \u00e1reas de maior abordagem na fotografia, bem como prefer\u00eancias pessoais.\",\"breadcrumb\":{\"@id\":\"https:\/\/anaabrao.com\/about-me\/#breadcrumb\"},\"inLanguage\":\"en-US\",\"potentialAction\":[{\"@type\":\"ReadAction\",\"target\":[\"https:\/\/anaabrao.com\/about-me\/\"]}]},{\"@type\":\"ImageObject\",\"inLanguage\":\"en-US\",\"@id\":\"https:\/\/anaabrao.com\/about-me\/#primaryimage\",\"url\":\"https:\/\/anaabrao.com\/wp-content\/uploads\/2016\/07\/021.png\",\"contentUrl\":\"https:\/\/anaabrao.com\/wp-content\/uploads\/2016\/07\/021.png\"},{\"@type\":\"BreadcrumbList\",\"@id\":\"https:\/\/anaabrao.com\/about-me\/#breadcrumb\",\"itemListElement\":[{\"@type\":\"ListItem\",\"position\":1,\"name\":\"Home\",\"item\":\"https:\/\/anaabrao.com\/home\/\"},{\"@type\":\"ListItem\",\"position\":2,\"name\":\"Ana Abr\u00e3o\"}]},{\"@type\":\"WebSite\",\"@id\":\"https:\/\/anaabrao.com\/#website\",\"url\":\"https:\/\/anaabrao.com\/\",\"name\":\"Ana Abr\u00e3o\",\"description\":\"On line Portfolio\",\"potentialAction\":[{\"@type\":\"SearchAction\",\"target\":{\"@type\":\"EntryPoint\",\"urlTemplate\":\"https:\/\/anaabrao.com\/?s={search_term_string}\"},\"query-input\":{\"@type\":\"PropertyValueSpecification\",\"valueRequired\":true,\"valueName\":\"search_term_string\"}}],\"inLanguage\":\"en-US\"}]}<\/script>\n<!-- \/ Yoast SEO plugin. -->","yoast_head_json":{"title":"Sobre Ana Abr\u00e3o","description":"Descri\u00e7\u00e3o breve sobre a profissional de fotografia, as suas \u00e1reas de especializa\u00e7\u00e3o, \u00e1reas de maior abordagem na fotografia, bem como prefer\u00eancias pessoais.","robots":{"index":"index","follow":"follow","max-snippet":"max-snippet:-1","max-image-preview":"max-image-preview:large","max-video-preview":"max-video-preview:-1"},"canonical":"https:\/\/anaabrao.com\/about-me\/","og_locale":"en_US","og_type":"article","og_title":"Sobre Ana Abr\u00e3o","og_description":"Descri\u00e7\u00e3o breve sobre a profissional de fotografia, as suas \u00e1reas de especializa\u00e7\u00e3o, \u00e1reas de maior abordagem na fotografia, bem como prefer\u00eancias pessoais.","og_url":"https:\/\/anaabrao.com\/about-me\/","og_site_name":"Ana Abr\u00e3o","article_publisher":"https:\/\/www.facebook.com\/ana.maria.abrao","article_modified_time":"2016-10-11T14:07:17+00:00","og_image":[{"url":"https:\/\/anaabrao.com\/wp-content\/uploads\/2016\/07\/021.png","type":"","width":"","height":""}],"twitter_card":"summary_large_image","twitter_misc":{"Est. reading time":"5 minutes"},"schema":{"@context":"https:\/\/schema.org","@graph":[{"@type":"WebPage","@id":"https:\/\/anaabrao.com\/about-me\/","url":"https:\/\/anaabrao.com\/about-me\/","name":"Sobre Ana Abr\u00e3o","isPartOf":{"@id":"https:\/\/anaabrao.com\/#website"},"primaryImageOfPage":{"@id":"https:\/\/anaabrao.com\/about-me\/#primaryimage"},"image":{"@id":"https:\/\/anaabrao.com\/about-me\/#primaryimage"},"thumbnailUrl":"https:\/\/anaabrao.com\/wp-content\/uploads\/2016\/07\/021.png","datePublished":"2016-07-19T15:22:44+00:00","dateModified":"2016-10-11T14:07:17+00:00","description":"Descri\u00e7\u00e3o breve sobre a profissional de fotografia, as suas \u00e1reas de especializa\u00e7\u00e3o, \u00e1reas de maior abordagem na fotografia, bem como prefer\u00eancias pessoais.","breadcrumb":{"@id":"https:\/\/anaabrao.com\/about-me\/#breadcrumb"},"inLanguage":"en-US","potentialAction":[{"@type":"ReadAction","target":["https:\/\/anaabrao.com\/about-me\/"]}]},{"@type":"ImageObject","inLanguage":"en-US","@id":"https:\/\/anaabrao.com\/about-me\/#primaryimage","url":"https:\/\/anaabrao.com\/wp-content\/uploads\/2016\/07\/021.png","contentUrl":"https:\/\/anaabrao.com\/wp-content\/uploads\/2016\/07\/021.png"},{"@type":"BreadcrumbList","@id":"https:\/\/anaabrao.com\/about-me\/#breadcrumb","itemListElement":[{"@type":"ListItem","position":1,"name":"Home","item":"https:\/\/anaabrao.com\/home\/"},{"@type":"ListItem","position":2,"name":"Ana Abr\u00e3o"}]},{"@type":"WebSite","@id":"https:\/\/anaabrao.com\/#website","url":"https:\/\/anaabrao.com\/","name":"Ana Abr\u00e3o","description":"On line Portfolio","potentialAction":[{"@type":"SearchAction","target":{"@type":"EntryPoint","urlTemplate":"https:\/\/anaabrao.com\/?s={search_term_string}"},"query-input":{"@type":"PropertyValueSpecification","valueRequired":true,"valueName":"search_term_string"}}],"inLanguage":"en-US"}]}},"_links":{"self":[{"href":"https:\/\/anaabrao.com\/en\/wp-json\/wp\/v2\/pages\/25962","targetHints":{"allow":["GET"]}}],"collection":[{"href":"https:\/\/anaabrao.com\/en\/wp-json\/wp\/v2\/pages"}],"about":[{"href":"https:\/\/anaabrao.com\/en\/wp-json\/wp\/v2\/types\/page"}],"author":[{"embeddable":true,"href":"https:\/\/anaabrao.com\/en\/wp-json\/wp\/v2\/users\/2"}],"replies":[{"embeddable":true,"href":"https:\/\/anaabrao.com\/en\/wp-json\/wp\/v2\/comments?post=25962"}],"version-history":[{"count":9,"href":"https:\/\/anaabrao.com\/en\/wp-json\/wp\/v2\/pages\/25962\/revisions"}],"predecessor-version":[{"id":25975,"href":"https:\/\/anaabrao.com\/en\/wp-json\/wp\/v2\/pages\/25962\/revisions\/25975"}],"wp:attachment":[{"href":"https:\/\/anaabrao.com\/en\/wp-json\/wp\/v2\/media?parent=25962"}],"curies":[{"name":"wp","href":"https:\/\/api.w.org\/{rel}","templated":true}]}}