{"id":25968,"date":"2016-05-19T16:05:34","date_gmt":"2016-05-19T16:05:34","guid":{"rendered":"https:\/\/anaabrao.com\/en\/home\/"},"modified":"2016-10-25T15:26:16","modified_gmt":"2016-10-25T14:26:16","slug":"home","status":"publish","type":"page","link":"https:\/\/anaabrao.com\/en\/","title":{"rendered":"Home"},"content":{"rendered":"<p>[et_pb_section admin_label=&#8221;section&#8221; fullwidth=&#8221;on&#8221; specialty=&#8221;off&#8221;][et_pb_fullwidth_header admin_label=&#8221;Fullwidth Header&#8221; background_layout=&#8221;dark&#8221; text_orientation=&#8221;center&#8221; header_fullscreen=&#8221;on&#8221; header_scroll_down=&#8221;on&#8221; background_url=&#8221;https:\/\/anaabrao.com\/wp-content\/uploads\/2016\/05\/Ana-Abrao-Africa-1-5.jpg&#8221; parallax=&#8221;off&#8221; parallax_method=&#8221;off&#8221; content_orientation=&#8221;center&#8221; image_orientation=&#8221;center&#8221; custom_button_one=&#8221;off&#8221; button_one_letter_spacing=&#8221;0&#8243; button_one_use_icon=&#8221;default&#8221; button_one_icon_placement=&#8221;right&#8221; button_one_on_hover=&#8221;on&#8221; button_one_letter_spacing_hover=&#8221;0&#8243; custom_button_two=&#8221;off&#8221; button_two_letter_spacing=&#8221;0&#8243; button_two_use_icon=&#8221;default&#8221; button_two_icon_placement=&#8221;right&#8221; button_two_on_hover=&#8221;on&#8221; button_two_letter_spacing_hover=&#8221;0&#8243; custom_css_main_element=&#8221;background-position: left bottom;&#8221; logo_alt_text=&#8221;Ana Abr\u00e3o&#8221; logo_title=&#8221;Ana Abr\u00e3o&#8221; scroll_down_icon=&#8221;%%1%%&#8221; title=&#8221;Color, Movement &amp; Inspiration&#8221; title_font=&#8221;Poiret One|on|||&#8221; title_font_size=&#8221;50px&#8221; title_font_size_last_edited=&#8221;on|phone&#8221; title_font_size_phone=&#8221;35px&#8221; custom_css_logo=&#8221;max-width:250px;||margin-bottom:60px;&#8221;] [\/et_pb_fullwidth_header][\/et_pb_section][et_pb_section admin_label=&#8221;Se\u00e7\u00e3o&#8221; fullwidth=&#8221;off&#8221; specialty=&#8221;off&#8221;][et_pb_row admin_label=&#8221;Linha&#8221; make_fullwidth=&#8221;off&#8221; use_custom_width=&#8221;off&#8221; width_unit=&#8221;on&#8221; use_custom_gutter=&#8221;off&#8221; padding_mobile=&#8221;off&#8221; background_color=&#8221;#283139&#8243; allow_player_pause=&#8221;off&#8221; parallax=&#8221;off&#8221; parallax_method=&#8221;off&#8221; make_equal=&#8221;off&#8221; parallax_1=&#8221;off&#8221; parallax_method_1=&#8221;off&#8221; column_padding_mobile=&#8221;on&#8221;][et_pb_column type=&#8221;4_4&#8243;][et_pb_team_member admin_label=&#8221;Pessoa&#8221; name=&#8221;Ana Abr\u00e3o&#8221; position=&#8221;Photographer&#8221; image_url=&#8221;https:\/\/anaabrao.com\/wp-content\/uploads\/2016\/05\/MG_3911pq.jpg&#8221; animation=&#8221;off&#8221; background_layout=&#8221;dark&#8221; use_border_color=&#8221;off&#8221; border_color=&#8221;#ffffff&#8221; border_style=&#8221;solid&#8221; custom_padding=&#8221;30px|30px|30px|30px&#8221; module_class=&#8221;home-person-module&#8221;]<\/p>\n<p>It is useless to say, photography, makes goose bumps on my skin, whenever the subject comes up. Producing a good image makes me feel alive. Especially when I\u00b4m able to see that I have reached Art in my photography, then I feel even better. I think art and photography are a perfect match. I love portraits and love capturing one\u00b4s personality through his or her eyes. I also love landscapes and being in close touch with nature. I love movement as it adds dynamics to the stills.<\/p>\n<p>[\/et_pb_team_member][\/et_pb_column][\/et_pb_row][\/et_pb_section][et_pb_section admin_label=&#8221;Section&#8221; fullwidth=&#8221;off&#8221; specialty=&#8221;off&#8221; background_image=&#8221;https:\/\/anaabrao.com\/wp-content\/uploads\/2016\/05\/Zanzibar-Ana-Abrao-Photography.jpg&#8221; transparent_background=&#8221;off&#8221; background_color=&#8221;#ffffff&#8221; allow_player_pause=&#8221;off&#8221; inner_shadow=&#8221;off&#8221; parallax=&#8221;on&#8221; parallax_method=&#8221;off&#8221; padding_mobile=&#8221;off&#8221; make_fullwidth=&#8221;off&#8221; use_custom_width=&#8221;off&#8221; width_unit=&#8221;on&#8221; make_equal=&#8221;off&#8221; use_custom_gutter=&#8221;off&#8221; disabled_on=&#8221;on|on|on&#8221; disabled=&#8221;on&#8221;][et_pb_row admin_label=&#8221;Row&#8221; make_fullwidth=&#8221;off&#8221; use_custom_width=&#8221;off&#8221; width_unit=&#8221;on&#8221; use_custom_gutter=&#8221;off&#8221; padding_mobile=&#8221;off&#8221; allow_player_pause=&#8221;off&#8221; parallax=&#8221;off&#8221; parallax_method=&#8221;off&#8221; make_equal=&#8221;off&#8221; parallax_1=&#8221;off&#8221; parallax_method_1=&#8221;off&#8221; padding_top_1=&#8221;0px&#8221; padding_right_1=&#8221;0px&#8221; padding_bottom_1=&#8221;0px&#8221; padding_left_1=&#8221;0px&#8221; column_padding_mobile=&#8221;on&#8221; custom_padding=&#8221;0px|0px|0px|0px&#8221;][et_pb_column type=&#8221;4_4&#8243;][et_pb_testimonial admin_label=&#8221;Testimonial&#8221; url_new_window=&#8221;off&#8221; portrait_url=&#8221;https:\/\/anaabrao.com\/wp-content\/uploads\/2016\/05\/MG_3911pq.jpg&#8221; quote_icon=&#8221;off&#8221; use_background_color=&#8221;on&#8221; background_color=&#8221;rgba(255,255,255,0.8)&#8221; background_layout=&#8221;light&#8221; text_orientation=&#8221;left&#8221; use_border_color=&#8221;off&#8221; border_color=&#8221;#ffffff&#8221; border_style=&#8221;solid&#8221; portrait_width=&#8221;174&#8243; portrait_height=&#8221;174&#8243; body_font_size=&#8221;16&#8243; body_letter_spacing=&#8221;2px&#8221;]<\/p>\n<p style=\"text-align: center;\"><strong>Sobre Mim<\/strong><\/p>\n<p>&nbsp;<\/p>\n<p style=\"text-align: left;\">\u00c9 desnecess\u00e1rio dizer que Fotografia \u00e9 o meu assunto favorito e a actividade que me realiza. Imaginar e produzir boas imagens me faz sentir viva. Produzir imagens que saem do vulgar e que se aproximam da arte me realizam por completo. Acredito que a arte e a fotografia se\u00a0encaixam na perfei\u00e7\u00e3o.<\/p>\n<p style=\"text-align: right;\"><a href=\"https:\/\/anaabrao.com\/ana-abrao-area-profissional\/\">SABER MAIS<\/a><\/p>\n<p>&nbsp;<\/p>\n<p>[\/et_pb_testimonial][\/et_pb_column][\/et_pb_row][\/et_pb_section][et_pb_section admin_label=&#8221;Se\u00e7\u00e3o&#8221; fullwidth=&#8221;off&#8221; specialty=&#8221;off&#8221; transparent_background=&#8221;off&#8221; background_color=&#8221;#283139&#8243; allow_player_pause=&#8221;off&#8221; inner_shadow=&#8221;off&#8221; parallax=&#8221;off&#8221; parallax_method=&#8221;off&#8221; padding_mobile=&#8221;off&#8221; make_fullwidth=&#8221;off&#8221; use_custom_width=&#8221;off&#8221; width_unit=&#8221;on&#8221; make_equal=&#8221;off&#8221; use_custom_gutter=&#8221;off&#8221; module_class=&#8221;prized-photos&#8221;][et_pb_row admin_label=&#8221;row&#8221; make_fullwidth=&#8221;off&#8221; use_custom_width=&#8221;off&#8221; width_unit=&#8221;on&#8221; use_custom_gutter=&#8221;off&#8221; padding_mobile=&#8221;off&#8221; allow_player_pause=&#8221;off&#8221; parallax=&#8221;off&#8221; parallax_method=&#8221;off&#8221; make_equal=&#8221;off&#8221; parallax_1=&#8221;off&#8221; parallax_method_1=&#8221;off&#8221; column_padding_mobile=&#8221;on&#8221;][et_pb_column type=&#8221;4_4&#8243;][et_pb_text admin_label=&#8221;Photo Prizes&#8221; background_layout=&#8221;dark&#8221; text_orientation=&#8221;center&#8221; use_border_color=&#8221;off&#8221; border_color=&#8221;#ffffff&#8221; border_style=&#8221;solid&#8221;]<\/p>\n<p>Awards<\/p>\n<p>[\/et_pb_text][et_pb_text admin_label=&#8221;Texto&#8221; background_layout=&#8221;dark&#8221; text_orientation=&#8221;center&#8221; text_font_size=&#8221;18&#8243; use_border_color=&#8221;off&#8221; border_color=&#8221;#ffffff&#8221; border_style=&#8221;solid&#8221;]<\/p>\n<p>To take part of international photography salons is stimulating not only because of the challenge, but also because it makes me grow, it forces me to work and get the most out of my own portfolio and allows me to be in touch with a fantastic world of images, people and cultures.<\/p>\n<p>[\/et_pb_text][\/et_pb_column][\/et_pb_row][et_pb_row admin_label=&#8221;Linha&#8221;][et_pb_column type=&#8221;1_2&#8243;][et_pb_image admin_label=&#8221;Imagem&#8221; src=&#8221;https:\/\/anaabrao.com\/wp-content\/uploads\/2016\/05\/A-forca-de-uma-expressao-IV.jpg&#8221; alt=&#8221;Partnership &#8211; Gold Medal&#8221; title_text=&#8221;Partnership &#8211; Gold Medal&#8221; show_in_lightbox=&#8221;on&#8221; url_new_window=&#8221;off&#8221; use_overlay=&#8221;off&#8221; animation=&#8221;off&#8221; sticky=&#8221;on&#8221; align=&#8221;center&#8221; force_fullwidth=&#8221;on&#8221; always_center_on_mobile=&#8221;on&#8221; use_border_color=&#8221;off&#8221; border_color=&#8221;#ffffff&#8221; border_style=&#8221;solid&#8221;] [\/et_pb_image][et_pb_text admin_label=&#8221;Texto&#8221; background_layout=&#8221;light&#8221; text_orientation=&#8221;center&#8221; use_border_color=&#8221;off&#8221; border_color=&#8221;#ffffff&#8221; border_style=&#8221;solid&#8221; module_class=&#8221;photo-content&#8221;]<\/p>\n<p><span class=\"photo-title\">&#8220;A For\u00e7a de uma Express\u00e3o&#8221;<\/span><\/p>\n<p><span class=\"photo-desc\">Californian Pacific Medal<br \/>\nCalifornia USA<\/span><\/p>\n<p>[\/et_pb_text][\/et_pb_column][et_pb_column type=&#8221;1_2&#8243;][et_pb_image admin_label=&#8221;Imagem&#8221; src=&#8221;https:\/\/anaabrao.com\/wp-content\/uploads\/2016\/05\/Daily-Life-II.jpg&#8221; alt=&#8221;Daily Life II &#8211; Georgia USA&#8221; title_text=&#8221;Daily Life II &#8211; Georgia USA&#8221; show_in_lightbox=&#8221;on&#8221; url_new_window=&#8221;off&#8221; use_overlay=&#8221;off&#8221; animation=&#8221;off&#8221; sticky=&#8221;on&#8221; align=&#8221;center&#8221; force_fullwidth=&#8221;on&#8221; always_center_on_mobile=&#8221;on&#8221; use_border_color=&#8221;off&#8221; border_color=&#8221;#ffffff&#8221; border_style=&#8221;solid&#8221;] [\/et_pb_image][et_pb_text admin_label=&#8221;Texto&#8221; background_layout=&#8221;light&#8221; text_orientation=&#8221;center&#8221; use_border_color=&#8221;off&#8221; border_color=&#8221;#ffffff&#8221; border_style=&#8221;solid&#8221; module_class=&#8221;photo-content&#8221;]<\/p>\n<p><span class=\"photo-title\">&#8220;Daily Life II&#8221;<\/span><\/p>\n<p><span class=\"photo-desc\">Bronze Medal &#8211; Delaware USA &amp;<br \/>\nHonorable Mention &#8211; Ireland<\/span><\/p>\n<p>[\/et_pb_text][\/et_pb_column][\/et_pb_row][et_pb_row admin_label=&#8221;Linha&#8221;][et_pb_column type=&#8221;1_2&#8243;][et_pb_image admin_label=&#8221;Imagem&#8221; src=&#8221;https:\/\/anaabrao.com\/wp-content\/uploads\/2016\/05\/Moving-Life-II.jpg&#8221; alt=&#8221;Moving Life II&#8221; title_text=&#8221;Moving Life II&#8221; show_in_lightbox=&#8221;on&#8221; url_new_window=&#8221;off&#8221; use_overlay=&#8221;off&#8221; animation=&#8221;off&#8221; sticky=&#8221;on&#8221; align=&#8221;center&#8221; force_fullwidth=&#8221;on&#8221; always_center_on_mobile=&#8221;on&#8221; use_border_color=&#8221;off&#8221; border_color=&#8221;#ffffff&#8221; border_style=&#8221;solid&#8221;] [\/et_pb_image][et_pb_text admin_label=&#8221;Texto&#8221; background_layout=&#8221;light&#8221; text_orientation=&#8221;center&#8221; use_border_color=&#8221;off&#8221; border_color=&#8221;#ffffff&#8221; border_style=&#8221;solid&#8221; module_class=&#8221;photo-content&#8221;]<\/p>\n<p><span class=\"photo-title\">&#8220;Moving Life II&#8221;<\/span><\/p>\n<p><span class=\"photo-desc\">Georgia Circuit Medal &amp; Honorable Mention on Gaso Circuit<br \/>\nGeorgia USA<\/span><\/p>\n<p>[\/et_pb_text][\/et_pb_column][et_pb_column type=&#8221;1_2&#8243;][et_pb_image admin_label=&#8221;Imagem&#8221; src=&#8221;https:\/\/anaabrao.com\/wp-content\/uploads\/2016\/05\/Partnership.jpg&#8221; alt=&#8221;A For\u00e7a de uma Express\u00e3o&#8221; title_text=&#8221;A For\u00e7a de uma Express\u00e3o&#8221; show_in_lightbox=&#8221;on&#8221; url_new_window=&#8221;off&#8221; use_overlay=&#8221;off&#8221; animation=&#8221;off&#8221; sticky=&#8221;on&#8221; align=&#8221;center&#8221; force_fullwidth=&#8221;on&#8221; always_center_on_mobile=&#8221;on&#8221; use_border_color=&#8221;off&#8221; border_color=&#8221;#ffffff&#8221; border_style=&#8221;solid&#8221;] [\/et_pb_image][et_pb_text admin_label=&#8221;Texto&#8221; background_layout=&#8221;light&#8221; text_orientation=&#8221;center&#8221; use_border_color=&#8221;off&#8221; border_color=&#8221;#ffffff&#8221; border_style=&#8221;solid&#8221; module_class=&#8221;photo-content&#8221;]<\/p>\n<p><span class=\"photo-title\">&#8220;Partnership&#8221;<\/span><\/p>\n<p><span class=\"photo-desc\">Golden Medal<br \/>\nBankan International &#8211; Servia<\/span><\/p>\n<p>[\/et_pb_text][\/et_pb_column][\/et_pb_row][\/et_pb_section][et_pb_section admin_label=&#8221;3 posts&#8221; transparent_background=&#8221;on&#8221; background_color=&#8221;#ffffff&#8221; allow_player_pause=&#8221;off&#8221; inner_shadow=&#8221;off&#8221; parallax=&#8221;on&#8221; parallax_method=&#8221;off&#8221; padding_mobile=&#8221;on&#8221; make_fullwidth=&#8221;off&#8221; use_custom_width=&#8221;off&#8221; width_unit=&#8221;on&#8221; make_equal=&#8221;off&#8221; use_custom_gutter=&#8221;off&#8221; custom_padding=&#8221;||0px|&#8221; custom_css_main_element=&#8221;margin-bottom:-175px;||z-index:2;&#8221;][et_pb_row admin_label=&#8221;row&#8221; make_fullwidth=&#8221;off&#8221; use_custom_width=&#8221;off&#8221; width_unit=&#8221;on&#8221; use_custom_gutter=&#8221;off&#8221; padding_mobile=&#8221;off&#8221; allow_player_pause=&#8221;off&#8221; parallax=&#8221;off&#8221; parallax_method=&#8221;off&#8221; make_equal=&#8221;off&#8221; parallax_1=&#8221;off&#8221; parallax_method_1=&#8221;off&#8221; column_padding_mobile=&#8221;on&#8221;][et_pb_column type=&#8221;4_4&#8243;][et_pb_text admin_label=&#8221;Photo Stories&#8221; background_layout=&#8221;light&#8221; text_orientation=&#8221;center&#8221; use_border_color=&#8221;off&#8221; border_color=&#8221;#ffffff&#8221; border_style=&#8221;solid&#8221;]<\/p>\n<h2>Photo Stories<\/h2>\n<p>[\/et_pb_text][et_pb_text admin_label=&#8221;Texto&#8221; background_layout=&#8221;light&#8221; text_orientation=&#8221;center&#8221; text_font_size=&#8221;18&#8243; use_border_color=&#8221;off&#8221; border_color=&#8221;#ffffff&#8221; border_style=&#8221;solid&#8221;]<\/p>\n<p>Life, cultures, colors, experiences, emotions, images, smells, sounds, movements &#8230; I want to tell stories of the world!<\/p>\n<p>[\/et_pb_text][\/et_pb_column][\/et_pb_row][et_pb_row admin_label=&#8221;row&#8221; disabled_on=&#8221;on|on|on&#8221; disabled=&#8221;on&#8221;][et_pb_column type=&#8221;1_3&#8243;][et_pb_blurb admin_label=&#8221;Blurb&#8221; title=&#8221;Kerala\u00b4s Backwaters&#8221; url_new_window=&#8221;off&#8221; image=&#8221;https:\/\/anaabrao.com\/wp-content\/uploads\/2016\/07\/Chinese-nets-India-Ana-Abrao-Fotografia.jpg&#8221; animation=&#8221;bottom&#8221; background_layout=&#8221;light&#8221; text_orientation=&#8221;center&#8221; use_icon=&#8221;off&#8221; icon_color=&#8221;#2caaca&#8221; use_circle=&#8221;off&#8221; circle_color=&#8221;#2caaca&#8221; use_circle_border=&#8221;off&#8221; circle_border_color=&#8221;#2caaca&#8221; icon_placement=&#8221;top&#8221; url=&#8221;https:\/\/anaabrao.com\/backwaters-de-kerala\/&#8221; use_icon_font_size=&#8221;off&#8221; use_border_color=&#8221;off&#8221; border_color=&#8221;#ffffff&#8221; border_style=&#8221;solid&#8221;]<\/p>\n<p><em><strong>\u201c<\/strong>In Kerala (South India), all daily life is entirely adapted to the water. There are no roads, just waterways.\u201d<\/em><\/p>\n<p>[\/et_pb_blurb][\/et_pb_column][et_pb_column type=&#8221;1_3&#8243;][et_pb_blurb admin_label=&#8221;Blurb&#8221; title=&#8221;Lixo met\u00e1lico que paga o almo\u00e7os&#8221; url_new_window=&#8221;off&#8221; image=&#8221;https:\/\/anaabrao.com\/wp-content\/uploads\/2016\/05\/Ana-Abrao-Cuba-4-1.jpg&#8221; animation=&#8221;bottom&#8221; background_layout=&#8221;light&#8221; text_orientation=&#8221;center&#8221; use_icon=&#8221;off&#8221; icon_color=&#8221;#2caaca&#8221; use_circle=&#8221;off&#8221; circle_color=&#8221;#2caaca&#8221; use_circle_border=&#8221;off&#8221; circle_border_color=&#8221;#2caaca&#8221; icon_placement=&#8221;top&#8221; url=&#8221;https:\/\/anaabrao.com\/lixo-metalico\/&#8221; use_icon_font_size=&#8221;off&#8221; use_border_color=&#8221;off&#8221; border_color=&#8221;#ffffff&#8221; border_style=&#8221;solid&#8221;]<\/p>\n<p>Juan trabalha e nos tempos livres\u2026 trabalha.<\/p>\n<p>[\/et_pb_blurb][\/et_pb_column][et_pb_column type=&#8221;1_3&#8243;][et_pb_blurb admin_label=&#8221;Blurb&#8221; title=&#8221;Golden Temple\u00b4s Peace&#8221; url_new_window=&#8221;off&#8221; image=&#8221;https:\/\/anaabrao.com\/wp-content\/uploads\/2016\/07\/Golden-Temple-Ana-Abrao-fotografia-algarve.jpg&#8221; animation=&#8221;bottom&#8221; background_layout=&#8221;light&#8221; text_orientation=&#8221;center&#8221; use_icon=&#8221;off&#8221; icon_color=&#8221;#2caaca&#8221; use_circle=&#8221;off&#8221; circle_color=&#8221;#2caaca&#8221; use_circle_border=&#8221;off&#8221; circle_border_color=&#8221;#2caaca&#8221; icon_placement=&#8221;top&#8221; url=&#8221;https:\/\/anaabrao.com\/a-paz-do-golden-temple\/&#8221; use_icon_font_size=&#8221;off&#8221; use_border_color=&#8221;off&#8221; border_color=&#8221;#ffffff&#8221; border_style=&#8221;solid&#8221;]<\/p>\n<p>Se a Paz tem morada pr\u00f3pria, o Golden Temple \u00e9 onde ela vive<\/p>\n<p>[\/et_pb_blurb][\/et_pb_column][\/et_pb_row][et_pb_row admin_label=&#8221;Linha&#8221; disabled_on=&#8221;on|on|on&#8221; disabled=&#8221;on&#8221;][et_pb_column type=&#8221;4_4&#8243;][et_pb_blog admin_label=&#8221;Blog&#8221; fullwidth=&#8221;off&#8221; posts_number=&#8221;3&#8243; meta_date=&#8221;j M Y&#8221; show_thumbnail=&#8221;on&#8221; show_content=&#8221;off&#8221; show_more=&#8221;off&#8221; show_author=&#8221;off&#8221; show_date=&#8221;off&#8221; show_categories=&#8221;off&#8221; show_comments=&#8221;off&#8221; show_pagination=&#8221;off&#8221; offset_number=&#8221;0&#8243; use_overlay=&#8221;off&#8221; background_layout=&#8221;light&#8221; use_dropshadow=&#8221;off&#8221; use_border_color=&#8221;off&#8221; border_color=&#8221;#ffffff&#8221; border_style=&#8221;solid&#8221;] [\/et_pb_blog][\/et_pb_column][\/et_pb_row][et_pb_row admin_label=&#8221;Linha&#8221;][et_pb_column type=&#8221;4_4&#8243;][et_pb_text admin_label=&#8221;Texto&#8221; background_layout=&#8221;light&#8221; text_orientation=&#8221;left&#8221; use_border_color=&#8221;off&#8221; border_color=&#8221;#ffffff&#8221; border_style=&#8221;solid&#8221;] <!-- The Grid Plugin Version 2.8.1 --><div class=\"tg-error-msg\" data-grid-name=\"Homepage Blog EN\">No grid was found for: Homepage Blog EN.<\/div> [\/et_pb_text][\/et_pb_column][\/et_pb_row][\/et_pb_section][et_pb_section admin_label=&#8221;Section&#8221; fullwidth=&#8221;on&#8221; specialty=&#8221;off&#8221;][et_pb_fullwidth_image admin_label=&#8221;Fullwidth Image&#8221; src=&#8221;https:\/\/anaabrao.com\/wp-content\/uploads\/2016\/07\/fundo_bg2.jpg&#8221; show_in_lightbox=&#8221;off&#8221; url_new_window=&#8221;off&#8221; use_overlay=&#8221;off&#8221; animation=&#8221;off&#8221; use_border_color=&#8221;off&#8221; border_color=&#8221;#ffffff&#8221; border_style=&#8221;solid&#8221;] [\/et_pb_fullwidth_image][\/et_pb_section][et_pb_section fullwidth=&#8221;off&#8221; specialty=&#8221;off&#8221; admin_label=&#8221;Se\u00e7\u00e3o&#8221;][et_pb_row admin_label=&#8221;Linha&#8221;][et_pb_column type=&#8221;4_4&#8243;][et_pb_text admin_label=&#8221;Texto&#8221; background_layout=&#8221;light&#8221; text_orientation=&#8221;left&#8221; use_border_color=&#8221;off&#8221; border_color=&#8221;#ffffff&#8221; border_style=&#8221;solid&#8221;]<\/p>\n<p>[et_bloom_inline optin_id=&#8221;optin_1&#8243;]<\/p>\n<p>[\/et_pb_text][\/et_pb_column][\/et_pb_row][\/et_pb_section]<\/p>\n","protected":false},"excerpt":{"rendered":"<p>It is useless to say, photography, makes goose bumps on my skin, whenever the subject comes up. Producing a good image makes me feel alive. Especially when I\u00b4m able to see that I have reached Art in my photography, then I feel even better. I think art and photography are a perfect match. I love [&hellip;]<\/p>\n","protected":false},"author":3,"featured_media":0,"parent":0,"menu_order":0,"comment_status":"closed","ping_status":"closed","template":"","meta":{"_et_pb_use_builder":"on","_et_pb_old_content":"","_et_gb_content_width":"","footnotes":""},"class_list":["post-25968","page","type-page","status-publish","hentry"],"yoast_head":"<!-- This site is optimized with the Yoast SEO plugin v26.8 - https:\/\/yoast.com\/product\/yoast-seo-wordpress\/ -->\n<title>Home - Ana Abrao<\/title>\n<meta name=\"description\" content=\"Ana Abr\u00e3o is a photographer based in the Algarve (Portugal) especialised in Advertising and Weddings, recognized by both American and European Federations.\" \/>\n<meta name=\"robots\" content=\"index, follow, max-snippet:-1, max-image-preview:large, max-video-preview:-1\" \/>\n<link rel=\"canonical\" href=\"https:\/\/anaabrao.com\/home\/\" \/>\n<meta property=\"og:locale\" content=\"en_US\" \/>\n<meta property=\"og:type\" content=\"article\" \/>\n<meta property=\"og:title\" content=\"Home - Ana Abrao\" \/>\n<meta property=\"og:description\" content=\"Ana Abr\u00e3o is a photographer based in the Algarve (Portugal) especialised in Advertising and Weddings, recognized by both American and European Federations.\" \/>\n<meta property=\"og:url\" content=\"https:\/\/anaabrao.com\/home\/\" \/>\n<meta property=\"og:site_name\" content=\"Ana Abr\u00e3o\" \/>\n<meta property=\"article:publisher\" content=\"https:\/\/www.facebook.com\/ana.maria.abrao\" \/>\n<meta property=\"article:modified_time\" content=\"2016-10-25T14:26:16+00:00\" \/>\n<meta name=\"twitter:card\" content=\"summary_large_image\" \/>\n<meta name=\"twitter:label1\" content=\"Est. reading time\" \/>\n\t<meta name=\"twitter:data1\" content=\"10 minutes\" \/>\n<script type=\"application\/ld+json\" class=\"yoast-schema-graph\">{\"@context\":\"https:\/\/schema.org\",\"@graph\":[{\"@type\":\"WebPage\",\"@id\":\"https:\/\/anaabrao.com\/home\/\",\"url\":\"https:\/\/anaabrao.com\/home\/\",\"name\":\"Home - Ana Abrao\",\"isPartOf\":{\"@id\":\"https:\/\/anaabrao.com\/#website\"},\"datePublished\":\"2016-05-19T16:05:34+00:00\",\"dateModified\":\"2016-10-25T14:26:16+00:00\",\"description\":\"Ana Abr\u00e3o is a photographer based in the Algarve (Portugal) especialised in Advertising and Weddings, recognized by both American and European Federations.\",\"breadcrumb\":{\"@id\":\"https:\/\/anaabrao.com\/home\/#breadcrumb\"},\"inLanguage\":\"en-US\",\"potentialAction\":[{\"@type\":\"ReadAction\",\"target\":[\"https:\/\/anaabrao.com\/home\/\"]}]},{\"@type\":\"BreadcrumbList\",\"@id\":\"https:\/\/anaabrao.com\/home\/#breadcrumb\",\"itemListElement\":[{\"@type\":\"ListItem\",\"position\":1,\"name\":\"Home\",\"item\":\"https:\/\/anaabrao.com\/home\/\"},{\"@type\":\"ListItem\",\"position\":2,\"name\":\"Home\"}]},{\"@type\":\"WebSite\",\"@id\":\"https:\/\/anaabrao.com\/#website\",\"url\":\"https:\/\/anaabrao.com\/\",\"name\":\"Ana Abr\u00e3o\",\"description\":\"On line Portfolio\",\"potentialAction\":[{\"@type\":\"SearchAction\",\"target\":{\"@type\":\"EntryPoint\",\"urlTemplate\":\"https:\/\/anaabrao.com\/?s={search_term_string}\"},\"query-input\":{\"@type\":\"PropertyValueSpecification\",\"valueRequired\":true,\"valueName\":\"search_term_string\"}}],\"inLanguage\":\"en-US\"}]}<\/script>\n<!-- \/ Yoast SEO plugin. -->","yoast_head_json":{"title":"Home - Ana Abrao","description":"Ana Abr\u00e3o is a photographer based in the Algarve (Portugal) especialised in Advertising and Weddings, recognized by both American and European Federations.","robots":{"index":"index","follow":"follow","max-snippet":"max-snippet:-1","max-image-preview":"max-image-preview:large","max-video-preview":"max-video-preview:-1"},"canonical":"https:\/\/anaabrao.com\/home\/","og_locale":"en_US","og_type":"article","og_title":"Home - Ana Abrao","og_description":"Ana Abr\u00e3o is a photographer based in the Algarve (Portugal) especialised in Advertising and Weddings, recognized by both American and European Federations.","og_url":"https:\/\/anaabrao.com\/home\/","og_site_name":"Ana Abr\u00e3o","article_publisher":"https:\/\/www.facebook.com\/ana.maria.abrao","article_modified_time":"2016-10-25T14:26:16+00:00","twitter_card":"summary_large_image","twitter_misc":{"Est. reading time":"10 minutes"},"schema":{"@context":"https:\/\/schema.org","@graph":[{"@type":"WebPage","@id":"https:\/\/anaabrao.com\/home\/","url":"https:\/\/anaabrao.com\/home\/","name":"Home - Ana Abrao","isPartOf":{"@id":"https:\/\/anaabrao.com\/#website"},"datePublished":"2016-05-19T16:05:34+00:00","dateModified":"2016-10-25T14:26:16+00:00","description":"Ana Abr\u00e3o is a photographer based in the Algarve (Portugal) especialised in Advertising and Weddings, recognized by both American and European Federations.","breadcrumb":{"@id":"https:\/\/anaabrao.com\/home\/#breadcrumb"},"inLanguage":"en-US","potentialAction":[{"@type":"ReadAction","target":["https:\/\/anaabrao.com\/home\/"]}]},{"@type":"BreadcrumbList","@id":"https:\/\/anaabrao.com\/home\/#breadcrumb","itemListElement":[{"@type":"ListItem","position":1,"name":"Home","item":"https:\/\/anaabrao.com\/home\/"},{"@type":"ListItem","position":2,"name":"Home"}]},{"@type":"WebSite","@id":"https:\/\/anaabrao.com\/#website","url":"https:\/\/anaabrao.com\/","name":"Ana Abr\u00e3o","description":"On line Portfolio","potentialAction":[{"@type":"SearchAction","target":{"@type":"EntryPoint","urlTemplate":"https:\/\/anaabrao.com\/?s={search_term_string}"},"query-input":{"@type":"PropertyValueSpecification","valueRequired":true,"valueName":"search_term_string"}}],"inLanguage":"en-US"}]}},"_links":{"self":[{"href":"https:\/\/anaabrao.com\/en\/wp-json\/wp\/v2\/pages\/25968","targetHints":{"allow":["GET"]}}],"collection":[{"href":"https:\/\/anaabrao.com\/en\/wp-json\/wp\/v2\/pages"}],"about":[{"href":"https:\/\/anaabrao.com\/en\/wp-json\/wp\/v2\/types\/page"}],"author":[{"embeddable":true,"href":"https:\/\/anaabrao.com\/en\/wp-json\/wp\/v2\/users\/3"}],"replies":[{"embeddable":true,"href":"https:\/\/anaabrao.com\/en\/wp-json\/wp\/v2\/comments?post=25968"}],"version-history":[{"count":8,"href":"https:\/\/anaabrao.com\/en\/wp-json\/wp\/v2\/pages\/25968\/revisions"}],"predecessor-version":[{"id":25969,"href":"https:\/\/anaabrao.com\/en\/wp-json\/wp\/v2\/pages\/25968\/revisions\/25969"}],"wp:attachment":[{"href":"https:\/\/anaabrao.com\/en\/wp-json\/wp\/v2\/media?parent=25968"}],"curies":[{"name":"wp","href":"https:\/\/api.w.org\/{rel}","templated":true}]}}